{"id":504,"date":"2015-06-10T11:19:35","date_gmt":"2015-06-10T09:19:35","guid":{"rendered":"http:\/\/test.tsd-berlin.de\/berlininfo\/en\/blog\/"},"modified":"2023-03-02T09:57:44","modified_gmt":"2023-03-02T08:57:44","slug":"blog-3","status":"publish","type":"page","link":"https:\/\/www.berlin-info.com\/en\/blog-3\/","title":{"rendered":"Blog"},"content":{"rendered":"<div class=\"fusion-fullwidth fullwidth-box fusion-builder-row-1 hundred-percent-fullwidth non-hundred-percent-height-scrolling\" style=\"--awb-border-radius-top-left:0px;--awb-border-radius-top-right:0px;--awb-border-radius-bottom-right:0px;--awb-border-radius-bottom-left:0px;--awb-overflow:visible;\" ><div class=\"fusion-builder-row fusion-row\"><div class=\"fusion-layout-column fusion_builder_column fusion-builder-column-0 fusion_builder_column_1_1 1_1 fusion-one-full fusion-column-first fusion-column-last fusion-column-no-min-height\" style=\"--awb-bg-size:cover;\"><div class=\"fusion-column-wrapper fusion-flex-column-wrapper-legacy\"><div class=\"fusion-blog-shortcode fusion-blog-shortcode-1 fusion-blog-archive fusion-blog-layout-grid-wrapper fusion-blog-infinite\"><style type=\"text\/css\">.fusion-blog-shortcode-1 .fusion-blog-layout-grid .fusion-post-grid{padding:15px;}.fusion-blog-shortcode-1 .fusion-posts-container{margin-left: -15px !important; margin-right:-15px !important;}<\/style><div class=\"fusion-posts-container fusion-posts-container-infinite fusion-blog-layout-grid fusion-blog-layout-grid-3 isotope\" data-pages=\"3\" data-grid-col-space=\"30\" style=\"margin: -15px -15px 0;min-height:500px;\"><article id=\"blog-1-post-5567\" class=\"fusion-post-grid post-5567 post type-post status-publish format-standard has-post-thumbnail hentry category-uncategorized tag-berlin\">\n<div class=\"fusion-post-wrapper\" style=\"background-color:rgba(255,255,255,0);border:1px solid #ebeaea;border-bottom-width:3px;\">\n\n\t\t\t<div class=\"fusion-flexslider flexslider fusion-flexslider-loading fusion-post-slideshow\" style=\"border-color:#ebeaea;\">\n\t\t<ul class=\"slides\">\n\t\t\t\n\t\t\t\t\t\t\t\t\t\t\t\t\t\t<li><div  class=\"fusion-image-wrapper\" aria-haspopup=\"true\">\n\t\t\t\t\t\t\t<a href=\"https:\/\/www.berlin-info.com\/en\/discourse-arena-friedrichstrasse\/\" aria-label=\"Discourse arena Friedrichstra\u00dfe\">\n\t\t\t\t\t\t\t<img width=\"2560\" height=\"1707\" src=\"https:\/\/www.berlin-info.com\/wp-content\/uploads\/2025\/09\/Friedrichstrasseberlin-scaled.jpg\" class=\"attachment-full size-full wp-post-image\" alt=\"Einkaufen am Bahnhof Friedrichstra\u00dfe\" decoding=\"async\" srcset=\"https:\/\/www.berlin-info.com\/wp-content\/uploads\/2025\/09\/Friedrichstrasseberlin-200x133.jpg 200w, https:\/\/www.berlin-info.com\/wp-content\/uploads\/2025\/09\/Friedrichstrasseberlin-400x267.jpg 400w, https:\/\/www.berlin-info.com\/wp-content\/uploads\/2025\/09\/Friedrichstrasseberlin-600x400.jpg 600w, https:\/\/www.berlin-info.com\/wp-content\/uploads\/2025\/09\/Friedrichstrasseberlin-800x533.jpg 800w, https:\/\/www.berlin-info.com\/wp-content\/uploads\/2025\/09\/Friedrichstrasseberlin-1200x800.jpg 1200w, https:\/\/www.berlin-info.com\/wp-content\/uploads\/2025\/09\/Friedrichstrasseberlin-scaled.jpg 2560w\" sizes=\"(min-width: 2200px) 100vw, (min-width: 824px) 340px, (min-width: 732px) 510px, (min-width: 640px) 732px, \" \/>\t\t\t<\/a>\n\t\t\t\t\t\t\t<\/div>\n<\/li>\n\t\t\t\n\t\t\t\n\t\t\t\t\t\t\t\t\t\t\t\t\t\t\t\t\t\t\t\t\t\t\t\t\t\t\t\t\t\t\t\t\t\t\t\t\t\t\t\t\t\t\t\t\t\t\t\t\t\t\t\t\t\t\t\t\t\t\t\t\t\t\t\t\t\t\t\t<\/ul>\n\t<\/div>\n\t<div class=\"fusion-post-content-wrapper\" style=\"padding:30px 25px 25px 25px;\"><div class=\"fusion-post-content post-content\"><h2 class=\"blog-shortcode-post-title entry-title\"><a href=\"https:\/\/www.berlin-info.com\/en\/discourse-arena-friedrichstrasse\/\">Discourse arena Friedrichstra\u00dfe<\/a><\/h2><p class=\"fusion-single-line-meta\"><span class=\"vcard\" style=\"display: none;\"><span class=\"fn\"><a href=\"https:\/\/www.berlin-info.com\/en\/author\/cri\/\" title=\"Posts by CRI\" rel=\"author\">CRI<\/a><\/span><\/span><span class=\"updated\" style=\"display:none;\">2025-10-06T09:58:12+02:00<\/span><span>06\/10\/2025<\/span><span class=\"fusion-inline-sep\">|<\/span><a href=\"https:\/\/www.berlin-info.com\/en\/category\/uncategorized\/\" rel=\"category tag\">Uncategorized<\/a><span class=\"fusion-inline-sep\">|<\/span><\/p><div class=\"fusion-content-sep sep-double sep-solid\"><\/div><div class=\"fusion-post-content-container\"><p>Friedrichstra\u00dfe: Four findings that explain the controversy \u00a0 Friedrichstra\u00dfe in Berlin has been the scene of heated debates since the 1990s. While the focus back then was on issues such as monument protection, urban development, [...]<\/p><\/div><\/div><div class=\"fusion-meta-info\"><div class=\"fusion-alignleft\"><a class=\"fusion-read-more\" href=\"https:\/\/www.berlin-info.com\/en\/discourse-arena-friedrichstrasse\/\" aria-label=\"More on Discourse arena Friedrichstra\u00dfe\">Read More<\/a><\/div><\/div><\/div><div class=\"fusion-clearfix\"><\/div><\/div>\n<\/article>\n<article id=\"blog-1-post-5319\" class=\"fusion-post-grid post-5319 post type-post status-publish format-standard has-post-thumbnail hentry category-allgemein tag-dachbegruenung tag-entsiegelung tag-fassadenbegruenung tag-hitzeinseln-und-stadtgesundheit tag-kommunale-klimaanpassung-berlin tag-smarte-stadttechnologien-klimaanpassung tag-stadtgruen tag-starkregen-vorsorge-berlin tag-urbane-resilienz-biodiversitaet tag-verkehr tag-verschattung\">\n<div class=\"fusion-post-wrapper\" style=\"background-color:rgba(255,255,255,0);border:1px solid #ebeaea;border-bottom-width:3px;\">\n\n\t\t\t<div class=\"fusion-flexslider flexslider fusion-flexslider-loading fusion-post-slideshow\" style=\"border-color:#ebeaea;\">\n\t\t<ul class=\"slides\">\n\t\t\t\n\t\t\t\t\t\t\t\t\t\t\t\t\t\t<li><div  class=\"fusion-image-wrapper\" aria-haspopup=\"true\">\n\t\t\t\t\t\t\t<a href=\"https:\/\/www.berlin-info.com\/en\/kommunale-klimaanpassung-in-berlin\/\" aria-label=\"Kommunale Klimaanpassung in Berlin\">\n\t\t\t\t\t\t\t<img width=\"1632\" height=\"1224\" src=\"https:\/\/www.berlin-info.com\/wp-content\/uploads\/2024\/05\/Spreeufer-1-von-1.jpg\" class=\"attachment-full size-full wp-post-image\" alt=\"Spreeufer mit Verschattungspflanzung, Blick auf Fernsehturm\" decoding=\"async\" srcset=\"https:\/\/www.berlin-info.com\/wp-content\/uploads\/2024\/05\/Spreeufer-1-von-1-200x150.jpg 200w, https:\/\/www.berlin-info.com\/wp-content\/uploads\/2024\/05\/Spreeufer-1-von-1-400x300.jpg 400w, https:\/\/www.berlin-info.com\/wp-content\/uploads\/2024\/05\/Spreeufer-1-von-1-600x450.jpg 600w, https:\/\/www.berlin-info.com\/wp-content\/uploads\/2024\/05\/Spreeufer-1-von-1-800x600.jpg 800w, https:\/\/www.berlin-info.com\/wp-content\/uploads\/2024\/05\/Spreeufer-1-von-1-1200x900.jpg 1200w, https:\/\/www.berlin-info.com\/wp-content\/uploads\/2024\/05\/Spreeufer-1-von-1.jpg 1632w\" sizes=\"(min-width: 2200px) 100vw, (min-width: 824px) 340px, (min-width: 732px) 510px, (min-width: 640px) 732px, \" \/>\t\t\t<\/a>\n\t\t\t\t\t\t\t<\/div>\n<\/li>\n\t\t\t\n\t\t\t\n\t\t\t\t\t\t\t\t\t\t\t\t\t\t\t\t\t\t\t\t\t\t\t\t\t\t\t\t\t\t\t\t\t\t\t\t\t\t\t\t\t\t\t\t\t\t\t\t\t\t\t\t\t\t\t\t\t\t\t\t\t\t\t\t\t\t\t\t<\/ul>\n\t<\/div>\n\t<div class=\"fusion-post-content-wrapper\" style=\"padding:30px 25px 25px 25px;\"><div class=\"fusion-post-content post-content\"><h2 class=\"blog-shortcode-post-title entry-title\"><a href=\"https:\/\/www.berlin-info.com\/en\/kommunale-klimaanpassung-in-berlin\/\">Kommunale Klimaanpassung in Berlin<\/a><\/h2><p class=\"fusion-single-line-meta\"><span class=\"vcard\" style=\"display: none;\"><span class=\"fn\"><a href=\"https:\/\/www.berlin-info.com\/en\/author\/cri\/\" title=\"Posts by CRI\" rel=\"author\">CRI<\/a><\/span><\/span><span class=\"updated\" style=\"display:none;\">2026-01-25T10:57:57+01:00<\/span><span>05\/06\/2025<\/span><span class=\"fusion-inline-sep\">|<\/span><a href=\"https:\/\/www.berlin-info.com\/category\/allgemein\/\" rel=\"category tag\">Allgemein<\/a><span class=\"fusion-inline-sep\">|<\/span><\/p><div class=\"fusion-content-sep sep-double sep-solid\"><\/div><div class=\"fusion-post-content-container\"><p>1. Einleitung Die Region Berlin sp\u00fcrt die Folgen des Klimawandels bereits deutlich: Der Copernicus-Klimawandelservice 2024 dokumentiert f\u00fcr Europa einen Temperaturanstieg von 2,5 \u00b0C gegen\u00fcber vorindustriellen Werten, schneller als anderswo. In der Spreemetropole f\u00fchren ver\u00e4nderte Niederschlagsmuster [...]<\/p><\/div><\/div><div class=\"fusion-meta-info\"><div class=\"fusion-alignleft\"><a class=\"fusion-read-more\" href=\"https:\/\/www.berlin-info.com\/en\/kommunale-klimaanpassung-in-berlin\/\" aria-label=\"More on Kommunale Klimaanpassung in Berlin\">Read More<\/a><\/div><\/div><\/div><div class=\"fusion-clearfix\"><\/div><\/div>\n<\/article>\n<article id=\"blog-1-post-5310\" class=\"fusion-post-grid post-5310 post type-post status-publish format-standard has-post-thumbnail hentry category-uncategorized tag-archaeology-berlin tag-berlin-history-museum tag-museum-berlin tag-opening-2025 tag-petri-berlin tag-petriplatz-archaeological-site tag-prehistory-and-early-history\">\n<div class=\"fusion-post-wrapper\" style=\"background-color:rgba(255,255,255,0);border:1px solid #ebeaea;border-bottom-width:3px;\">\n\n\t\t\t<div class=\"fusion-flexslider flexslider fusion-flexslider-loading fusion-post-slideshow\" style=\"border-color:#ebeaea;\">\n\t\t<ul class=\"slides\">\n\t\t\t\n\t\t\t\t\t\t\t\t\t\t\t\t\t\t<li><div  class=\"fusion-image-wrapper\" aria-haspopup=\"true\">\n\t\t\t\t\t\t\t<a href=\"https:\/\/www.berlin-info.com\/en\/petri-berlin\/\" aria-label=\"Petri Berlin\">\n\t\t\t\t\t\t\t<img width=\"2090\" height=\"1239\" src=\"https:\/\/www.berlin-info.com\/wp-content\/uploads\/2025\/06\/IMG_5108.jpg\" class=\"attachment-full size-full wp-post-image\" alt=\"Fassade des PETRI Berlin\" decoding=\"async\" srcset=\"https:\/\/www.berlin-info.com\/wp-content\/uploads\/2025\/06\/IMG_5108-200x119.jpg 200w, https:\/\/www.berlin-info.com\/wp-content\/uploads\/2025\/06\/IMG_5108-400x237.jpg 400w, https:\/\/www.berlin-info.com\/wp-content\/uploads\/2025\/06\/IMG_5108-600x356.jpg 600w, https:\/\/www.berlin-info.com\/wp-content\/uploads\/2025\/06\/IMG_5108-800x474.jpg 800w, https:\/\/www.berlin-info.com\/wp-content\/uploads\/2025\/06\/IMG_5108-1200x711.jpg 1200w, https:\/\/www.berlin-info.com\/wp-content\/uploads\/2025\/06\/IMG_5108.jpg 2090w\" sizes=\"(min-width: 2200px) 100vw, (min-width: 824px) 340px, (min-width: 732px) 510px, (min-width: 640px) 732px, \" \/>\t\t\t<\/a>\n\t\t\t\t\t\t\t<\/div>\n<\/li>\n\t\t\t\n\t\t\t\n\t\t\t\t\t\t\t\t\t\t\t\t\t\t\t\t\t\t\t\t\t\t\t\t\t\t\t\t\t\t\t\t\t\t\t\t\t\t\t\t\t\t\t\t\t\t\t\t\t\t\t\t\t\t\t\t\t\t\t\t\t\t\t\t\t\t\t\t<\/ul>\n\t<\/div>\n\t<div class=\"fusion-post-content-wrapper\" style=\"padding:30px 25px 25px 25px;\"><div class=\"fusion-post-content post-content\"><h2 class=\"blog-shortcode-post-title entry-title\"><a href=\"https:\/\/www.berlin-info.com\/en\/petri-berlin\/\">Petri Berlin<\/a><\/h2><p class=\"fusion-single-line-meta\"><span class=\"vcard\" style=\"display: none;\"><span class=\"fn\"><a href=\"https:\/\/www.berlin-info.com\/en\/author\/cri\/\" title=\"Posts by CRI\" rel=\"author\">CRI<\/a><\/span><\/span><span class=\"updated\" style=\"display:none;\">2025-08-07T07:32:12+02:00<\/span><span>04\/06\/2025<\/span><span class=\"fusion-inline-sep\">|<\/span><a href=\"https:\/\/www.berlin-info.com\/en\/category\/uncategorized\/\" rel=\"category tag\">Uncategorized<\/a><span class=\"fusion-inline-sep\">|<\/span><\/p><div class=\"fusion-content-sep sep-double sep-solid\"><\/div><div class=\"fusion-post-content-container\"><p>The New PETRI Berlin \u2013 Archaeology in the Heart of the Capital A Center for Archaeology, History, and Research In the historic center of Berlin, a new cultural facility is taking shape: PETRI Berlin \u2013 [...]<\/p><\/div><\/div><div class=\"fusion-meta-info\"><div class=\"fusion-alignleft\"><a class=\"fusion-read-more\" href=\"https:\/\/www.berlin-info.com\/en\/petri-berlin\/\" aria-label=\"More on Petri Berlin\">Read More<\/a><\/div><\/div><\/div><div class=\"fusion-clearfix\"><\/div><\/div>\n<\/article>\n<article id=\"blog-1-post-5267\" class=\"fusion-post-grid post-5267 post type-post status-publish format-standard has-post-thumbnail hentry category-allgemein tag-archaeologieberlin tag-berlinergeschichte tag-kulturentdecken tag-museumberlin tag-petriberlin tag-stadtarchaeologie tag-architektur\">\n<div class=\"fusion-post-wrapper\" style=\"background-color:rgba(255,255,255,0);border:1px solid #ebeaea;border-bottom-width:3px;\">\n\n\t\t\t<div class=\"fusion-flexslider flexslider fusion-flexslider-loading fusion-post-slideshow\" style=\"border-color:#ebeaea;\">\n\t\t<ul class=\"slides\">\n\t\t\t\n\t\t\t\t\t\t\t\t\t\t\t\t\t\t<li><div  class=\"fusion-image-wrapper\" aria-haspopup=\"true\">\n\t\t\t\t\t\t\t<a href=\"https:\/\/www.berlin-info.com\/en\/das-petri-berlin-haus-fuer-archaeologie\/\" aria-label=\"PETRI Berlin\">\n\t\t\t\t\t\t\t<img width=\"2090\" height=\"1239\" src=\"https:\/\/www.berlin-info.com\/wp-content\/uploads\/2025\/06\/IMG_5108.jpg\" class=\"attachment-full size-full wp-post-image\" alt=\"Fassade des PETRI Berlin\" decoding=\"async\" srcset=\"https:\/\/www.berlin-info.com\/wp-content\/uploads\/2025\/06\/IMG_5108-200x119.jpg 200w, https:\/\/www.berlin-info.com\/wp-content\/uploads\/2025\/06\/IMG_5108-400x237.jpg 400w, https:\/\/www.berlin-info.com\/wp-content\/uploads\/2025\/06\/IMG_5108-600x356.jpg 600w, https:\/\/www.berlin-info.com\/wp-content\/uploads\/2025\/06\/IMG_5108-800x474.jpg 800w, https:\/\/www.berlin-info.com\/wp-content\/uploads\/2025\/06\/IMG_5108-1200x711.jpg 1200w, https:\/\/www.berlin-info.com\/wp-content\/uploads\/2025\/06\/IMG_5108.jpg 2090w\" sizes=\"(min-width: 2200px) 100vw, (min-width: 824px) 340px, (min-width: 732px) 510px, (min-width: 640px) 732px, \" \/>\t\t\t<\/a>\n\t\t\t\t\t\t\t<\/div>\n<\/li>\n\t\t\t\n\t\t\t\n\t\t\t\t\t\t\t\t\t\t\t\t\t\t\t\t\t\t\t\t\t\t\t\t\t\t\t\t\t\t\t\t\t\t\t\t\t\t\t\t\t\t\t\t\t\t\t\t\t\t\t\t\t\t\t\t\t\t\t\t\t\t\t\t\t\t\t\t<\/ul>\n\t<\/div>\n\t<div class=\"fusion-post-content-wrapper\" style=\"padding:30px 25px 25px 25px;\"><div class=\"fusion-post-content post-content\"><h2 class=\"blog-shortcode-post-title entry-title\"><a href=\"https:\/\/www.berlin-info.com\/en\/das-petri-berlin-haus-fuer-archaeologie\/\">PETRI Berlin<\/a><\/h2><p class=\"fusion-single-line-meta\"><span class=\"vcard\" style=\"display: none;\"><span class=\"fn\"><a href=\"https:\/\/www.berlin-info.com\/en\/author\/cri\/\" title=\"Posts by CRI\" rel=\"author\">CRI<\/a><\/span><\/span><span class=\"updated\" style=\"display:none;\">2025-06-05T19:23:10+02:00<\/span><span>04\/06\/2025<\/span><span class=\"fusion-inline-sep\">|<\/span><a href=\"https:\/\/www.berlin-info.com\/category\/allgemein\/\" rel=\"category tag\">Allgemein<\/a><span class=\"fusion-inline-sep\">|<\/span><\/p><div class=\"fusion-content-sep sep-double sep-solid\"><\/div><div class=\"fusion-post-content-container\"><p>Das neue PETRI Berlin \u2013 Arch\u00e4ologie im Herzen der Hauptstadt \u00a0 Ein Haus f\u00fcr Arch\u00e4ologie, Geschichte und Forschung Museum &amp; Forschung auf h\u00f6chstem Niveau Im neuen Haus befinden sich: Das Museum f\u00fcr Vor- und Fr\u00fchgeschichte [...]<\/p><\/div><\/div><div class=\"fusion-meta-info\"><div class=\"fusion-alignleft\"><a class=\"fusion-read-more\" href=\"https:\/\/www.berlin-info.com\/en\/das-petri-berlin-haus-fuer-archaeologie\/\" aria-label=\"More on PETRI Berlin\">Read More<\/a><\/div><\/div><\/div><div class=\"fusion-clearfix\"><\/div><\/div>\n<\/article>\n<article id=\"blog-1-post-5168\" class=\"fusion-post-grid post-5168 post type-post status-publish format-standard has-post-thumbnail hentry category-uncategorized\">\n<div class=\"fusion-post-wrapper\" style=\"background-color:rgba(255,255,255,0);border:1px solid #ebeaea;border-bottom-width:3px;\">\n\n\t\t\t<div class=\"fusion-flexslider flexslider fusion-flexslider-loading fusion-post-slideshow\" style=\"border-color:#ebeaea;\">\n\t\t<ul class=\"slides\">\n\t\t\t\n\t\t\t\t\t\t\t\t\t\t\t\t\t\t<li><div  class=\"fusion-image-wrapper\" aria-haspopup=\"true\">\n\t\t\t\t\t\t\t<a href=\"https:\/\/www.berlin-info.com\/en\/nachhaltigkeit-in-berliner-neubaugebieten\/\" aria-label=\"Sustainability aspects in Berlin&#8217;s new development areas\">\n\t\t\t\t\t\t\t<img width=\"2560\" height=\"1921\" src=\"https:\/\/www.berlin-info.com\/wp-content\/uploads\/2024\/05\/buwog1-scaled-e1715036712797.jpg\" class=\"attachment-full size-full wp-post-image\" alt=\"Schwammstadt Quartier Berlin K\u00f6penick\" decoding=\"async\" \/>\t\t\t<\/a>\n\t\t\t\t\t\t\t<\/div>\n<\/li>\n\t\t\t\n\t\t\t\n\t\t\t\t\t\t\t\t\t\t\t\t\t\t\t\t\t\t\t\t\t\t\t\t\t\t\t\t\t\t\t\t\t\t\t\t\t\t\t\t\t\t\t\t\t\t\t\t\t\t\t\t\t\t\t\t\t\t\t\t\t\t\t\t\t\t\t\t<\/ul>\n\t<\/div>\n\t<div class=\"fusion-post-content-wrapper\" style=\"padding:30px 25px 25px 25px;\"><div class=\"fusion-post-content post-content\"><h2 class=\"blog-shortcode-post-title entry-title\"><a href=\"https:\/\/www.berlin-info.com\/en\/nachhaltigkeit-in-berliner-neubaugebieten\/\">Sustainability aspects in Berlin&#8217;s new development areas<\/a><\/h2><p class=\"fusion-single-line-meta\"><span class=\"vcard\" style=\"display: none;\"><span class=\"fn\"><a href=\"https:\/\/www.berlin-info.com\/en\/author\/cri\/\" title=\"Posts by CRI\" rel=\"author\">CRI<\/a><\/span><\/span><span class=\"updated\" style=\"display:none;\">2025-06-05T17:44:08+02:00<\/span><span>07\/04\/2025<\/span><span class=\"fusion-inline-sep\">|<\/span><a href=\"https:\/\/www.berlin-info.com\/en\/category\/uncategorized\/\" rel=\"category tag\">Uncategorized<\/a><span class=\"fusion-inline-sep\">|<\/span><\/p><div class=\"fusion-content-sep sep-double sep-solid\"><\/div><div class=\"fusion-post-content-container\"><p>Sustainability is a central issue of our time, gaining importance in almost all areas of life. Particularly in urban contexts, such as a growing metropolis like Berlin, sustainable approaches play a crucial role in urban [...]<\/p><\/div><\/div><div class=\"fusion-meta-info\"><div class=\"fusion-alignleft\"><a class=\"fusion-read-more\" href=\"https:\/\/www.berlin-info.com\/en\/nachhaltigkeit-in-berliner-neubaugebieten\/\" aria-label=\"More on Sustainability aspects in Berlin&#8217;s new development areas\">Read More<\/a><\/div><\/div><\/div><div class=\"fusion-clearfix\"><\/div><\/div>\n<\/article>\n<article id=\"blog-1-post-3381\" class=\"fusion-post-grid post-3381 post type-post status-publish format-standard has-post-thumbnail hentry category-uncategorized\">\n<div class=\"fusion-post-wrapper\" style=\"background-color:rgba(255,255,255,0);border:1px solid #ebeaea;border-bottom-width:3px;\">\n\n\t\t\t<div class=\"fusion-flexslider flexslider fusion-flexslider-loading fusion-post-slideshow\" style=\"border-color:#ebeaea;\">\n\t\t<ul class=\"slides\">\n\t\t\t\n\t\t\t\t\t\t\t\t\t\t\t\t\t\t<li><div  class=\"fusion-image-wrapper\" aria-haspopup=\"true\">\n\t\t\t\t\t\t\t<a href=\"https:\/\/www.berlin-info.com\/en\/new-city-quarter-at-tacheles\/\" aria-label=\"New City Quarter &#8220;Am Tacheles&#8221;\">\n\t\t\t\t\t\t\t<img width=\"1577\" height=\"1267\" src=\"https:\/\/www.berlin-info.com\/wp-content\/uploads\/2024\/05\/Amtacheles4-1-von-1.jpg\" class=\"attachment-full size-full wp-post-image\" alt=\"Am Tacheles Berlin\" decoding=\"async\" srcset=\"https:\/\/www.berlin-info.com\/wp-content\/uploads\/2024\/05\/Amtacheles4-1-von-1-200x161.jpg 200w, https:\/\/www.berlin-info.com\/wp-content\/uploads\/2024\/05\/Amtacheles4-1-von-1-400x321.jpg 400w, https:\/\/www.berlin-info.com\/wp-content\/uploads\/2024\/05\/Amtacheles4-1-von-1-600x482.jpg 600w, https:\/\/www.berlin-info.com\/wp-content\/uploads\/2024\/05\/Amtacheles4-1-von-1-800x643.jpg 800w, https:\/\/www.berlin-info.com\/wp-content\/uploads\/2024\/05\/Amtacheles4-1-von-1-1200x964.jpg 1200w, https:\/\/www.berlin-info.com\/wp-content\/uploads\/2024\/05\/Amtacheles4-1-von-1.jpg 1577w\" sizes=\"(min-width: 2200px) 100vw, (min-width: 824px) 340px, (min-width: 732px) 510px, (min-width: 640px) 732px, \" \/>\t\t\t<\/a>\n\t\t\t\t\t\t\t<\/div>\n<\/li>\n\t\t\t\n\t\t\t\n\t\t\t\t\t\t\t\t\t\t\t\t\t\t\t\t\t\t\t\t\t\t\t\t\t\t\t\t\t\t\t\t\t\t\t\t\t\t\t\t\t\t\t\t\t\t\t\t\t\t\t\t\t\t\t\t\t\t\t\t\t\t\t\t\t\t\t\t<\/ul>\n\t<\/div>\n\t<div class=\"fusion-post-content-wrapper\" style=\"padding:30px 25px 25px 25px;\"><div class=\"fusion-post-content post-content\"><h2 class=\"blog-shortcode-post-title entry-title\"><a href=\"https:\/\/www.berlin-info.com\/en\/new-city-quarter-at-tacheles\/\">New City Quarter &#8220;Am Tacheles&#8221;<\/a><\/h2><p class=\"fusion-single-line-meta\"><span class=\"vcard\" style=\"display: none;\"><span class=\"fn\"><a href=\"https:\/\/www.berlin-info.com\/en\/author\/cri\/\" title=\"Posts by CRI\" rel=\"author\">CRI<\/a><\/span><\/span><span class=\"updated\" style=\"display:none;\">2024-09-21T09:10:51+02:00<\/span><span>10\/02\/2022<\/span><span class=\"fusion-inline-sep\">|<\/span><a href=\"https:\/\/www.berlin-info.com\/en\/category\/uncategorized\/\" rel=\"category tag\">Uncategorized<\/a><span class=\"fusion-inline-sep\">|<\/span><\/p><div class=\"fusion-content-sep sep-double sep-solid\"><\/div><div class=\"fusion-post-content-container\"><p>Opening of the new buildings at development area \"Am Tacheles\" Since the opening of Potsdamer Platz 20 years ago, Berlin's city center has undergone numerous mixed-use renovations and redefinitions. The development project with the new [...]<\/p><\/div><\/div><div class=\"fusion-meta-info\"><div class=\"fusion-alignleft\"><a class=\"fusion-read-more\" href=\"https:\/\/www.berlin-info.com\/en\/new-city-quarter-at-tacheles\/\" aria-label=\"More on New City Quarter &#8220;Am Tacheles&#8221;\">Read More<\/a><\/div><\/div><\/div><div class=\"fusion-clearfix\"><\/div><\/div>\n<\/article>\n<div class=\"fusion-clearfix\"><\/div><\/div><div class=\"fusion-infinite-scroll-trigger\"><\/div><div class=\"pagination infinite-scroll clearfix\" style=\"display:none;\"><span class=\"current\">1<\/span><a href=\"https:\/\/www.berlin-info.com\/en\/wp-json\/wp\/v2\/pages\/504\/page\/2\/\" class=\"inactive\">2<\/a><a class=\"pagination-next\" rel=\"next\" href=\"https:\/\/www.berlin-info.com\/en\/wp-json\/wp\/v2\/pages\/504\/page\/2\/\"><span class=\"page-text\">Next<\/span><span class=\"page-next\"><\/span><\/a><\/div><div class=\"fusion-clearfix\"><\/div><\/div><div class=\"fusion-clearfix\"><\/div><\/div><\/div><\/div><\/div>\n","protected":false},"excerpt":{"rendered":"","protected":false},"author":1,"featured_media":0,"parent":0,"menu_order":0,"comment_status":"open","ping_status":"open","template":"","meta":[],"_links":{"self":[{"href":"https:\/\/www.berlin-info.com\/en\/wp-json\/wp\/v2\/pages\/504"}],"collection":[{"href":"https:\/\/www.berlin-info.com\/en\/wp-json\/wp\/v2\/pages"}],"about":[{"href":"https:\/\/www.berlin-info.com\/en\/wp-json\/wp\/v2\/types\/page"}],"author":[{"embeddable":true,"href":"https:\/\/www.berlin-info.com\/en\/wp-json\/wp\/v2\/users\/1"}],"replies":[{"embeddable":true,"href":"https:\/\/www.berlin-info.com\/en\/wp-json\/wp\/v2\/comments?post=504"}],"version-history":[{"count":3,"href":"https:\/\/www.berlin-info.com\/en\/wp-json\/wp\/v2\/pages\/504\/revisions"}],"predecessor-version":[{"id":3780,"href":"https:\/\/www.berlin-info.com\/en\/wp-json\/wp\/v2\/pages\/504\/revisions\/3780"}],"wp:attachment":[{"href":"https:\/\/www.berlin-info.com\/en\/wp-json\/wp\/v2\/media?parent=504"}],"curies":[{"name":"wp","href":"https:\/\/api.w.org\/{rel}","templated":true}]}}